{"id":3,"date":"2023-08-23T17:36:52","date_gmt":"2023-08-23T15:36:52","guid":{"rendered":"https:\/\/maderaspeteiro.com\/web\/?page_id=3"},"modified":"2023-11-24T14:46:18","modified_gmt":"2023-11-24T12:46:18","slug":"declaracion-de-accesibilidad","status":"publish","type":"page","link":"https:\/\/maderaspeteiro.com\/web\/declaracion-de-accesibilidad\/","title":{"rendered":"Declaraci\u00f3n de accesibilidad"},"content":{"rendered":"\t\t<div data-elementor-type=\"wp-page\" data-elementor-id=\"3\" class=\"elementor elementor-3\">\n\t\t\t\t\t\t<section class=\"elementor-section elementor-top-section elementor-element elementor-element-55d293e3 elementor-section-boxed elementor-section-height-default elementor-section-height-default\" data-id=\"55d293e3\" data-element_type=\"section\">\n\t\t\t\t\t\t<div class=\"elementor-container elementor-column-gap-default\">\n\t\t\t\t\t<div class=\"elementor-column elementor-col-100 elementor-top-column elementor-element elementor-element-3f3bc44f\" data-id=\"3f3bc44f\" data-element_type=\"column\">\n\t\t\t<div class=\"elementor-widget-wrap elementor-element-populated\">\n\t\t\t\t\t\t<div class=\"elementor-element elementor-element-30efdfd9 elementor-widget elementor-widget-text-editor\" data-id=\"30efdfd9\" data-element_type=\"widget\" data-widget_type=\"text-editor.default\">\n\t\t\t\t<div class=\"elementor-widget-container\">\n\t\t\t\t\t\t\t\t\t<p><\/p>\n<p><\/p>\n<p><\/p>\n<p>En <strong>Maderas Peteiro<\/strong> nos hemos comprometido a hacer accesible nuestro sitio web y su aplicaci\u00f3n para dispositivos m\u00f3viles, de conformidad con la legislaci\u00f3n nacional por la que se traspone la Directiva (UE) 2016\/2102 del Parlamento Europeo y del Consejo sobre la accesibilidad de los sitios web y aplicaciones para dispositivos m\u00f3viles de los organismos del sector p\u00fablico, siguiendo las directrices de la Decisi\u00f3n de Ejecuci\u00f3n (UE) 2018\/1523 de la Comisi\u00f3n de 11 de octubre de 2018.<br \/>Para lograr este objetivo, se han seguido tecnolog\u00edas est\u00e1ndar establecidas por el W3C(World Wide Web Consortium),\u00a0de conformidad con el\u00a0<a href=\"https:\/\/www.boe.es\/eli\/es\/rd\/2018\/09\/07\/1112\" target=\"_blank\" rel=\"noreferrer noopener\">Real Decreto 1112\/2018<\/a>, de 7 de septiembre, sobre accesibilidad de los sitios web y aplicaciones para dispositivos m\u00f3viles del sector p\u00fablico. La presente declaraci\u00f3n de accesibilidad se aplica a el sitio web termicadelnoroeste.com<\/p>\n<p><\/p>\n<p><\/p>\n<p><\/p>\n<p><\/p>\n<h2 class=\"wp-block-heading\">Situaci\u00f3n de cumplimiento<\/h2>\n<p><\/p>\n<p><\/p>\n<p>Este sitio web es parcialmente conforme con el RD 1112\/2018, de 7 de septiembre, debido a las excepciones y a la falta de conformidad de los aspectos que se indican a continuaci\u00f3n.<\/p>\n<p><\/p>\n<p><\/p>\n<p>La pol\u00edtica de accesibilidad del presente sitio web se ha realizado en cumplimiento con lo establecido en las Pautas de Accesibilidad para el Contenido Web en su versi\u00f3n 2.1 (WCAG 2.1).<\/p>\n<p><\/p>\n<p><\/p>\n<p>Asimismo, tambi\u00e9n se han tenido en consideraci\u00f3n los requisitos de la Directiva (UE) 2016\/2102 del Parlamento Europeo y del Consejo, de 26 de octubre de 2016, sobre la accesibilidad de los sitios web y aplicaciones para dispositivos m\u00f3viles de los organismos del sector p\u00fablico, la norma europea de accesibilidad TIC, EN 301 549 v2.1.2 (2018-08), y la Norma UNE 139803:2004, base sobre la que se asienta la legislaci\u00f3n actual en Espa\u00f1a en materia de accesibilidad. El cumplimento de las WCAG 2.1 se realiza en su nivel intermedio o Nivel de Conformidad AA (\u201cdoble A\u201d). Con el cumplimiento de este nivel de conformidad se pretenden eliminar las barreras de accesibilidad que podr\u00edan impedir o dificultar el acceso a usuarios con discapacidad. Esta Declaraci\u00f3n de Conformidad tiene un alcance sobre todas las p\u00e1ginas del portal de <strong>maderaspeteiro.com<\/strong><br \/>Este sitio web est\u00e1 desarrollado con tecnolog\u00edas propias de WordPress comoPHP, MySQL y JavaScript.<\/p>\n<p><\/p>\n<p><\/p>\n<p>Con el objetivo de ayudar a mejorar el grado de cumplimiento en materia de accesibilidad, se realizan actualizaciones peri\u00f3dicas de acuerdo a las directrices del Observatorio de Accesibilidad Web. Se realizar\u00e1n revisiones peri\u00f3dicas de los requisitos de accesibilidad con el fin de garantizar el mantenimiento de su cumplimiento a lo largo del tiempo. Se tendr\u00e1 especialmente en cuenta el caso de los contenidos a\u00f1adidos o modificados durante el ciclo de vida de los sitios web as\u00ed como las actualizaciones tecnol\u00f3gicas de estos \u00faltimos.<\/p>\n<p><\/p>\n<p><\/p>\n<h2 class=\"wp-block-heading\">Contenido no accesible<\/h2>\n<p><\/p>\n<p><\/p>\n<p>Puede haber fallos puntuales de edici\u00f3n en alguna p\u00e1gina web, como anidamiento incorrecto de elementos, p\u00e1rrafos sin el marcado correcto, alg\u00fan salto en los niveles de encabezado o uso indebido de separadores de texto incorrectos [criterio 1.3.1. de WCAG 2.1].<\/p>\n<p><\/p>\n<p><\/p>\n<p>Puede haber archivos multimedia u ofim\u00e1ticos en PDF u otros formatos que no cumplan los requisitos de accesibilidad porque hayan sido elaborados \u00fanicamente con objeto de presentar determinada informaci\u00f3n visualmente, si bien habitualmente se ofrece una alternativa en texto.<\/p>\n<p><\/p>\n<p><\/p>\n<h2 class=\"wp-block-heading\">Observaciones y datos del contacto<\/h2>\n<p><\/p>\n<p><\/p>\n<p>Puede realizar comunicaciones sobre requisitos de accesibilidad (art\u00edculo 10.2.a) del RD 1112\/2018) como por ejemplo:<\/p>\n<p><\/p>\n<p><\/p>\n<p>Informar sobre cualquier posible incumplimiento por parte de este sitio web.<br \/>Transmitir otras dificultades de acceso al contenido.<br \/>Formular cualquier otra consulta o sugerencia de mejora relativa a la accesibilidad del sitio web.<\/p>\n<p><\/p>\n<p><\/p>\n<p><strong>Maderas Peteiro S.L.<br \/><\/strong>Carretera de los Fuertes, A Coru\u00f1a 15011<br \/>mp@maderaspeteiro.com<\/p>\n<p><\/p>\n<p><\/p>\n<p><strong>Puede presentar:<\/strong><\/p>\n<p><\/p>\n<p><\/p>\n<p>Una queja relativa al cumplimiento de los requisitos del RD 1112\/2018 o una solicitud de informaci\u00f3n accesible relativa a:<\/p>\n<p><\/p>\n<p><\/p>\n<p>Contenidos que est\u00e1n excluidos del \u00e1mbito de aplicaci\u00f3n del RD 1112\/2018 seg\u00fan lo establecido por el art\u00edculo 3, apartado 4<br \/>Contenidos que est\u00e1n exentos del cumplimiento de los requisitos de accesibilidad por imponer una carga desproporcionada.<br \/>En la solicitud de informaci\u00f3n accesible, se debe concretar, con toda claridad, los hechos, razones y petici\u00f3n que permitan constatar que se trata de una solicitud razonable y leg\u00edtima.<\/p>\n<p><\/p>\n<p><\/p>\n<p>Las comunicaciones, quejas y solicitudes de informaci\u00f3n accesible ser\u00e1n recibidas y tratadas por T\u00e9rmica del Noroeste. En la solicitud de informaci\u00f3n accesible, se debe concretar, con toda claridad, los hechos, razones y petici\u00f3n que permitan constatar que se trata de una solicitud razonable y leg\u00edtima.<\/p>\n<p><\/p>\n<p><\/p>\n<p>Preparaci\u00f3n de la presente declaraci\u00f3n de accesibilidad<\/p>\n<p><\/p>\n<p><\/p>\n<p>La presente declaraci\u00f3n fue preparada el 5 de septiembre de 2023.<\/p>\n<p><\/p>\t\t\t\t\t\t\t\t<\/div>\n\t\t\t\t<\/div>\n\t\t\t\t\t<\/div>\n\t\t<\/div>\n\t\t\t\t\t<\/div>\n\t\t<\/section>\n\t\t\t\t<\/div>\n\t\t","protected":false},"excerpt":{"rendered":"<div class=\"tmnf_excerpt\"><p>En Maderas Peteiro nos hemos comprometido a hacer accesible nuestro sitio web y su aplicaci\u00f3n para dispositivos m\u00f3viles, de conformidad con la legislaci\u00f3n nacional por la que se traspone la Directiva (UE) 2016\/2102 del Parlamento<\/p>\n<\/div>","protected":false},"author":1,"featured_media":0,"parent":0,"menu_order":0,"comment_status":"closed","ping_status":"closed","template":"homepage-hero-cover_alt.php","meta":{"footnotes":""},"class_list":["post-3","page","type-page","status-publish","hentry"],"yoast_head":"<!-- This site is optimized with the Yoast SEO plugin v26.0 - https:\/\/yoast.com\/wordpress\/plugins\/seo\/ -->\n<title>Declaraci\u00f3n de accesibilidad - Maderas Peteiro<\/title>\n<meta name=\"robots\" content=\"index, follow, max-snippet:-1, max-image-preview:large, max-video-preview:-1\" \/>\n<link rel=\"canonical\" href=\"https:\/\/maderaspeteiro.com\/web\/declaracion-de-accesibilidad\/\" \/>\n<meta property=\"og:locale\" content=\"es_ES\" \/>\n<meta property=\"og:type\" content=\"article\" \/>\n<meta property=\"og:title\" content=\"Declaraci\u00f3n de accesibilidad - Maderas Peteiro\" \/>\n<meta property=\"og:description\" content=\"En Maderas Peteiro nos hemos comprometido a hacer accesible nuestro sitio web y su aplicaci\u00f3n para dispositivos m\u00f3viles, de conformidad con la legislaci\u00f3n nacional por la que se traspone la Directiva (UE) 2016\/2102 del Parlamento\" \/>\n<meta property=\"og:url\" content=\"https:\/\/maderaspeteiro.com\/web\/declaracion-de-accesibilidad\/\" \/>\n<meta property=\"og:site_name\" content=\"Maderas Peteiro\" \/>\n<meta property=\"article:modified_time\" content=\"2023-11-24T12:46:18+00:00\" \/>\n<meta name=\"twitter:card\" content=\"summary_large_image\" \/>\n<meta name=\"twitter:label1\" content=\"Tiempo de lectura\" \/>\n\t<meta name=\"twitter:data1\" content=\"4 minutos\" \/>\n<script type=\"application\/ld+json\" class=\"yoast-schema-graph\">{\"@context\":\"https:\/\/schema.org\",\"@graph\":[{\"@type\":\"WebPage\",\"@id\":\"https:\/\/maderaspeteiro.com\/web\/declaracion-de-accesibilidad\/\",\"url\":\"https:\/\/maderaspeteiro.com\/web\/declaracion-de-accesibilidad\/\",\"name\":\"Declaraci\u00f3n de accesibilidad - Maderas Peteiro\",\"isPartOf\":{\"@id\":\"https:\/\/maderaspeteiro.com\/web\/#website\"},\"datePublished\":\"2023-08-23T15:36:52+00:00\",\"dateModified\":\"2023-11-24T12:46:18+00:00\",\"breadcrumb\":{\"@id\":\"https:\/\/maderaspeteiro.com\/web\/declaracion-de-accesibilidad\/#breadcrumb\"},\"inLanguage\":\"es\",\"potentialAction\":[{\"@type\":\"ReadAction\",\"target\":[\"https:\/\/maderaspeteiro.com\/web\/declaracion-de-accesibilidad\/\"]}]},{\"@type\":\"BreadcrumbList\",\"@id\":\"https:\/\/maderaspeteiro.com\/web\/declaracion-de-accesibilidad\/#breadcrumb\",\"itemListElement\":[{\"@type\":\"ListItem\",\"position\":1,\"name\":\"Portada\",\"item\":\"https:\/\/maderaspeteiro.com\/web\/\"},{\"@type\":\"ListItem\",\"position\":2,\"name\":\"Declaraci\u00f3n de accesibilidad\"}]},{\"@type\":\"WebSite\",\"@id\":\"https:\/\/maderaspeteiro.com\/web\/#website\",\"url\":\"https:\/\/maderaspeteiro.com\/web\/\",\"name\":\"Maderas Peteiro\",\"description\":\"\",\"publisher\":{\"@id\":\"https:\/\/maderaspeteiro.com\/web\/#organization\"},\"potentialAction\":[{\"@type\":\"SearchAction\",\"target\":{\"@type\":\"EntryPoint\",\"urlTemplate\":\"https:\/\/maderaspeteiro.com\/web\/?s={search_term_string}\"},\"query-input\":{\"@type\":\"PropertyValueSpecification\",\"valueRequired\":true,\"valueName\":\"search_term_string\"}}],\"inLanguage\":\"es\"},{\"@type\":\"Organization\",\"@id\":\"https:\/\/maderaspeteiro.com\/web\/#organization\",\"name\":\"Maderas Peteiro\",\"url\":\"https:\/\/maderaspeteiro.com\/web\/\",\"logo\":{\"@type\":\"ImageObject\",\"inLanguage\":\"es\",\"@id\":\"https:\/\/maderaspeteiro.com\/web\/#\/schema\/logo\/image\/\",\"url\":\"https:\/\/maderaspeteiro.com\/web\/wp-content\/uploads\/2023\/11\/Logo-cabecera-1.png\",\"contentUrl\":\"https:\/\/maderaspeteiro.com\/web\/wp-content\/uploads\/2023\/11\/Logo-cabecera-1.png\",\"width\":280,\"height\":96,\"caption\":\"Maderas Peteiro\"},\"image\":{\"@id\":\"https:\/\/maderaspeteiro.com\/web\/#\/schema\/logo\/image\/\"}}]}<\/script>\n<!-- \/ Yoast SEO plugin. -->","yoast_head_json":{"title":"Declaraci\u00f3n de accesibilidad - Maderas Peteiro","robots":{"index":"index","follow":"follow","max-snippet":"max-snippet:-1","max-image-preview":"max-image-preview:large","max-video-preview":"max-video-preview:-1"},"canonical":"https:\/\/maderaspeteiro.com\/web\/declaracion-de-accesibilidad\/","og_locale":"es_ES","og_type":"article","og_title":"Declaraci\u00f3n de accesibilidad - Maderas Peteiro","og_description":"En Maderas Peteiro nos hemos comprometido a hacer accesible nuestro sitio web y su aplicaci\u00f3n para dispositivos m\u00f3viles, de conformidad con la legislaci\u00f3n nacional por la que se traspone la Directiva (UE) 2016\/2102 del Parlamento","og_url":"https:\/\/maderaspeteiro.com\/web\/declaracion-de-accesibilidad\/","og_site_name":"Maderas Peteiro","article_modified_time":"2023-11-24T12:46:18+00:00","twitter_card":"summary_large_image","twitter_misc":{"Tiempo de lectura":"4 minutos"},"schema":{"@context":"https:\/\/schema.org","@graph":[{"@type":"WebPage","@id":"https:\/\/maderaspeteiro.com\/web\/declaracion-de-accesibilidad\/","url":"https:\/\/maderaspeteiro.com\/web\/declaracion-de-accesibilidad\/","name":"Declaraci\u00f3n de accesibilidad - Maderas Peteiro","isPartOf":{"@id":"https:\/\/maderaspeteiro.com\/web\/#website"},"datePublished":"2023-08-23T15:36:52+00:00","dateModified":"2023-11-24T12:46:18+00:00","breadcrumb":{"@id":"https:\/\/maderaspeteiro.com\/web\/declaracion-de-accesibilidad\/#breadcrumb"},"inLanguage":"es","potentialAction":[{"@type":"ReadAction","target":["https:\/\/maderaspeteiro.com\/web\/declaracion-de-accesibilidad\/"]}]},{"@type":"BreadcrumbList","@id":"https:\/\/maderaspeteiro.com\/web\/declaracion-de-accesibilidad\/#breadcrumb","itemListElement":[{"@type":"ListItem","position":1,"name":"Portada","item":"https:\/\/maderaspeteiro.com\/web\/"},{"@type":"ListItem","position":2,"name":"Declaraci\u00f3n de accesibilidad"}]},{"@type":"WebSite","@id":"https:\/\/maderaspeteiro.com\/web\/#website","url":"https:\/\/maderaspeteiro.com\/web\/","name":"Maderas Peteiro","description":"","publisher":{"@id":"https:\/\/maderaspeteiro.com\/web\/#organization"},"potentialAction":[{"@type":"SearchAction","target":{"@type":"EntryPoint","urlTemplate":"https:\/\/maderaspeteiro.com\/web\/?s={search_term_string}"},"query-input":{"@type":"PropertyValueSpecification","valueRequired":true,"valueName":"search_term_string"}}],"inLanguage":"es"},{"@type":"Organization","@id":"https:\/\/maderaspeteiro.com\/web\/#organization","name":"Maderas Peteiro","url":"https:\/\/maderaspeteiro.com\/web\/","logo":{"@type":"ImageObject","inLanguage":"es","@id":"https:\/\/maderaspeteiro.com\/web\/#\/schema\/logo\/image\/","url":"https:\/\/maderaspeteiro.com\/web\/wp-content\/uploads\/2023\/11\/Logo-cabecera-1.png","contentUrl":"https:\/\/maderaspeteiro.com\/web\/wp-content\/uploads\/2023\/11\/Logo-cabecera-1.png","width":280,"height":96,"caption":"Maderas Peteiro"},"image":{"@id":"https:\/\/maderaspeteiro.com\/web\/#\/schema\/logo\/image\/"}}]}},"_links":{"self":[{"href":"https:\/\/maderaspeteiro.com\/web\/wp-json\/wp\/v2\/pages\/3","targetHints":{"allow":["GET"]}}],"collection":[{"href":"https:\/\/maderaspeteiro.com\/web\/wp-json\/wp\/v2\/pages"}],"about":[{"href":"https:\/\/maderaspeteiro.com\/web\/wp-json\/wp\/v2\/types\/page"}],"author":[{"embeddable":true,"href":"https:\/\/maderaspeteiro.com\/web\/wp-json\/wp\/v2\/users\/1"}],"replies":[{"embeddable":true,"href":"https:\/\/maderaspeteiro.com\/web\/wp-json\/wp\/v2\/comments?post=3"}],"version-history":[{"count":5,"href":"https:\/\/maderaspeteiro.com\/web\/wp-json\/wp\/v2\/pages\/3\/revisions"}],"predecessor-version":[{"id":10451,"href":"https:\/\/maderaspeteiro.com\/web\/wp-json\/wp\/v2\/pages\/3\/revisions\/10451"}],"wp:attachment":[{"href":"https:\/\/maderaspeteiro.com\/web\/wp-json\/wp\/v2\/media?parent=3"}],"curies":[{"name":"wp","href":"https:\/\/api.w.org\/{rel}","templated":true}]}}